{"id":33072,"date":"2024-08-19T19:15:25","date_gmt":"2024-08-19T17:15:25","guid":{"rendered":"https:\/\/www.zsvyhlidka.cz\/?page_id=33072"},"modified":"2024-08-19T19:15:26","modified_gmt":"2024-08-19T17:15:26","slug":"nase-uspechy","status":"publish","type":"page","link":"https:\/\/www.zsvyhlidka.cz\/?page_id=33072","title":{"rendered":"NA\u0160E \u00daSP\u011aCHY"},"content":{"rendered":"\n<p><\/p>\n\n\n<p>D\u00edky systematick\u00e9mu a c\u00edlen\u00e9mu vzd\u011bl\u00e1n\u00ed na\u0161e \u0161kola dosahuje \u00fasp\u011bch\u016f v r\u016fzn\u00fdch p\u0159edm\u011btov\u00fdch sout\u011b\u017e\u00edch, olympi\u00e1d\u00e1ch.<\/p>\n<p class=\"has-large-font-size\"><strong>\u0160koln\u00ed rok 2023\/2024<\/strong><\/p>\n<p>\u00a0<\/p>\n<ul>\n<li><strong>Celorepublikov\u00fd \u00fasp\u011bch v hasi\u010dsk\u00e9 sout\u011b\u017ei<\/strong><\/li>\n<\/ul>\n<p>Ne\u010dekan\u00e9ho \u00fasp\u011bchu dos\u00e1hli \u017e\u00e1ci na\u0161\u00ed \u0161koly v\u00a0sout\u011b\u017ei Po\u017e\u00e1rn\u00ed ochrana o\u010dima d\u011bt\u00ed. V\u00a0okresn\u00edm kole sout\u011b\u017ee se poda\u0159ilo na\u0161im \u017e\u00e1k\u016fm z\u00edskat um\u00edst\u011bn\u00ed v\u00a0n\u00e1sleduj\u00edc\u00edch kategori\u00edch: ve v\u00fdtvarn\u00e9 kategorii obsadili <strong>David Chrom\u00fd<\/strong> ze t\u0159\u00eddy 6.A 1.m\u00edsto a <strong>Krist\u00fdna Urbanov\u00e1<\/strong> ze 6.B 3.m\u00edsto, v\u00a0kategorii star\u0161\u00edch \u017e\u00e1k\u016f obsadila<strong> Just\u00fdna Srbov\u00e1<\/strong> rovn\u011b\u017e 3.m\u00edsto. V\u00a0digit\u00e1ln\u00ed kategorii z\u00edskala dvojice <strong>Eli\u0161ka Dobe\u0161ov\u00e1<\/strong> a <strong>Lucie Kr\u010dm\u00e1\u0159ov\u00e1<\/strong> ze 7. B kr\u00e1sn\u00e9 1.m\u00edsto.O tom, \u017ee se pr\u00e1ce \u017e\u00e1k\u016f l\u00edbily i v\u00a0dal\u0161\u00edch kolech sv\u011bd\u010d\u00ed kr\u00e1sn\u00e1 um\u00edst\u011bn\u00ed v\u00a0krajsk\u00e9m kole, kde se um\u00edstil <strong>David Chrom\u00fd<\/strong> na 2. m\u00edst\u011b a <strong>dvojice d\u011bv\u010dat ze 7.B<\/strong> na kr\u00e1sn\u00e9m 1. m\u00edst\u011b. Spole\u010dn\u00e1 digit\u00e1ln\u00ed pr\u00e1ce d\u011bv\u010dat s\u00a0t\u00e9matikou \u201eBezpe\u010dn\u00fd d\u016fm\u201c zaujala porotu i v\u00a0celorepublikov\u00e9m kole, ve kter\u00e9m se d\u011bv\u010data um\u00edstila na kr\u00e1sn\u00e9m 2. m\u00edst\u011b<\/p>\n<ul>\n<li><strong>Region\u00e1ln\u00ed kolo recita\u010dn\u00ed sout\u011b\u017ee<\/strong><\/li>\n<\/ul>\n<p>V \u00fater\u00fd <strong>23. 4. 2024<\/strong> prob\u011bhlo v Uhersk\u00e9m Brod\u011b region\u00e1ln\u00ed kolo recita\u010dn\u00ed sout\u011b\u017ee. Okres Vset\u00edn reprezentovali ve sv\u00fdch kategori\u00edch dva \u017e\u00e1ci na\u0161\u00ed \u0161koly \u2013 <strong>Kate\u0159ina Filgasov\u00e1 <\/strong>ze t\u0159\u00eddy 7.B a <strong>Josef Vyb\u00edral <\/strong>z 8.C. Odborn\u00e1 porota vyzdvihla u obou na\u0161ich recit\u00e1tor\u016f p\u0159irozenost, schopnost nav\u00e1zat kontakt s div\u00e1ky a ocenila p\u0159esv\u011bd\u010div\u00e9 pod\u00e1n\u00ed jejich text\u016f. <strong>Katka<\/strong> z\u00edskala <strong>druh\u00e9<\/strong> m\u00edsto a<strong> Pepa<\/strong> se ve sv\u00e9 kategorii um\u00edstil na kr\u00e1sn\u00e9m <strong>t\u0159et\u00edm<\/strong> m\u00edst\u011b.<\/p>\n<ul>\n<li><strong>Kr\u00e1sensk\u00fd zvone\u010dek<\/strong><\/li>\n<\/ul>\n<p>Ve dnech <strong>18. a 19. 4. 2024<\/strong> se konal v M-klubu ve Vala\u0161sk\u00e9m Mezi\u0159\u00ed\u010d\u00ed 31. ro\u010dn\u00edk recita\u010dn\u00ed sout\u011b\u017ee<strong> Kr\u00e1sensk\u00fd zvone\u010dek<\/strong>.<\/p>\n<p>Na\u0161i nejstar\u0161\u00ed recit\u00e1to\u0159i dos\u00e1hli \u00fa\u017easn\u00e9ho v\u00fdsledku, nejen \u017ee <strong>zv\u00edt\u011bzili v kategorii t\u00fdm\u016f<\/strong> a odnesli si tak putovn\u00ed zvoni\u010dku, ale v sout\u011b\u017ei jednotlivc\u016f si dokonce rozd\u011blili pomysln\u00e9 medailov\u00e9 p\u0159\u00ed\u010dky. <strong>Zv\u00edt\u011bzil Josef Vyb\u00edral<\/strong> (8.C), <strong>druh\u00e9 m\u00edsto<\/strong> pat\u0159\u00ed <strong>Kate\u0159in\u011b Filgasov\u00e9<\/strong> (7.B) a na <strong>t\u0159et\u00edm m\u00edst\u011b<\/strong> se um\u00edstila <strong>Elen Trusinov\u00e1<\/strong> (7.A).<\/p>\n<ul>\n<li><strong>Chr\u00e1m i tvrz<\/strong><\/li>\n<\/ul>\n<p>V p\u00e1tek <strong>5. 4. 2024<\/strong> se v Dom\u011b kultury ve Vset\u00edn\u011b konal 29. ro\u010dn\u00edk tradi\u010dn\u00ed sout\u011b\u017ee v um\u011bleck\u00e9m p\u0159ednesu<strong> Chr\u00e1m i tvrz<\/strong>. Sout\u011b\u017e je ur\u010dena pro \u017e\u00e1ky z\u00e1kladn\u00edch \u0161kol, kte\u0159\u00ed si k interpretaci mohou vybrat libovoln\u00fd text \u010desk\u00e9ho autora. Na\u0161i \u0161kolu reprezentovali tito \u017e\u00e1ci: <strong>Michaela Havranov\u00e1<\/strong> (6.A), <strong>Krist\u00fdna Bohu\u0161\u00edkov\u00e1<\/strong> (6.A), <strong>Bianka \u0160krabolov\u00e1<\/strong> (6.A), <strong>Kate\u0159ina Filgasov\u00e1 <\/strong>(7.B), <strong>Josef Vyb\u00edral <\/strong>(8.C) a <strong>Ond\u0159ej Groh<\/strong> (9.B). Pro d\u011bv\u010data z \u0161est\u00e9 t\u0159\u00eddy to byla premi\u00e9ra, mohly zakusit atmosf\u00e9ru velk\u00e9 sout\u011b\u017ee, poslechnout si recit\u00e1tory z jin\u00fdch \u0161kol, co\u017e je v\u017edy p\u0159\u00ednosem. Radost n\u00e1m v\u0161em ud\u011blal <strong>Josef Vyb\u00edral<\/strong>, kter\u00fd z\u00edskal ve sv\u00e9 kategorii <strong>1. m\u00edsto<\/strong>.<\/p>\n<ul>\n<li><strong>Okresn\u00ed kolo recita\u010dn\u00ed sout\u011b\u017ee<\/strong><\/li>\n<\/ul>\n<p>Ve \u010dtvrtek 21. 3. 2024 se v Ro\u017enov\u011b pod Radho\u0161t\u011bm konalo okresn\u00ed kolo recita\u010dn\u00ed sout\u011b\u017ee. Na\u0161i \u0161kolu reprezentovala Kate\u0159ina Filgasov\u00e1 ze 7.B, Josef Vyb\u00edral z 8.C. a Ond\u0159ej Groh ze t\u0159\u00eddy 9.B. V\u0161ichni p\u0159edvedli v\u00fdborn\u00e9 v\u00fdkony, On\u0159ejovi se nepoda\u0159ilo dos\u00e1hnout na nejvy\u0161\u0161\u00ed p\u0159\u00ed\u010dky, p\u0159esto si zaslou\u017e\u00ed velkou pochvalu, rozhodn\u011b se mezi sout\u011b\u017e\u00edc\u00edmi neztratil i \u010dlenov\u00e9 odborn\u00e9 poroty zhodnotili, \u017ee \u00farove\u0148 p\u0159ednesu jednotliv\u00fdch recit\u00e1tor\u016f byla letos na vysok\u00e9 \u00farovni a bylo pro n\u011b t\u011b\u017ek\u00e9 vybrat ty nejlep\u0161\u00ed. O to v\u00edc n\u00e1s t\u011b\u0161\u00ed \u00fasp\u011bch Josefa Vyb\u00edrala a Kate\u0159iny Filgasov\u00e9, kte\u0159\u00ed ve sv\u00fdch kategori\u00edch zv\u00edt\u011bzili, a budou tedy na\u0161i \u0161kolu reprezentovat i v region\u00e1ln\u00edm kole.<\/p>\n<ul>\n<li><strong>Okresn\u00ed kolo biologick\u00e9 olympi\u00e1dy 2023\/2024<\/strong><\/li>\n<\/ul>\n<p>V \u00fater\u00fd 19. b\u0159ezna prob\u011bhlo na zdej\u0161\u00edm gymn\u00e1ziu okresn\u00ed kolo biologick\u00e9 olympi\u00e1dy, kter\u00e9ho se z\u00fa\u010dastnili tak\u00e9 \u017e\u00e1ci na\u0161\u00ed \u0161koly \u2013 Martin Kundr\u00e1t a Berenika \u0160krabolov\u00e1. \u017d\u00e1ci reprezentovali na\u0161i \u0161kolu v kategorii C, kter\u00e1 je ur\u010dena pro \u017e\u00e1ky 8. a 9. ro\u010dn\u00edk\u016f z\u00e1kladn\u00edch \u0161kol a v\u00edcelet\u00fdch gymn\u00e1zi\u00ed. V siln\u00e9 konkurenci se na\u0161i \u017e\u00e1ci rozhodn\u011b neztratili, i p\u0159esto, \u017ee jsme nepostoupili do dal\u0161\u00edho kola. Martin a Berenika p\u0159edvedli kr\u00e1sn\u00fd v\u00fdkon a zaslou\u017e\u00ed si velkou pochvalu. P\u0159ejeme mnoho \u00fasp\u011bch\u016f p\u0159i dal\u0161\u00edm studiu p\u0159\u00edrodn\u00edch v\u011bd.<\/p>\n<ul>\n<li><strong>Chemick\u00e1 olympi\u00e1da<\/strong><\/li>\n<\/ul>\n<p>Okresn\u00ed kolo se konalo 1.3.2024 na Gymn\u00e1ziu ve Vala\u0161sk\u00e9m Mezi\u0159\u00ed\u010d\u00ed a z\u00fa\u010dastnilo se ho 19 postupuj\u00edc\u00edch \u017e\u00e1k\u016f z\u00a0okresu Vset\u00edn. T\u00e9ma teoretick\u00e9 i praktick\u00e9 \u010d\u00e1sti sout\u011b\u017ee bylo stejn\u00e9 jako ve \u0161koln\u00edm kole, jen o n\u011bco n\u00e1ro\u010dn\u011bj\u0161\u00ed.\u00a0 I p\u0159esto\u017ee Hanka neobsadila \u017e\u00e1dn\u00e9 z\u00a0p\u0159edn\u00edch m\u00edst a obsadila a\u017e 13.m\u00edsto, je p\u011bkn\u00e9 um\u00edst\u011bn\u00ed, a z\u00e1rove\u0148 v\u00fdzva pro mlad\u0161\u00ed \u017e\u00e1ky, z\u00edskat v\u00a0p\u0159\u00ed\u0161t\u00edm roce vy\u0161\u0161\u00ed p\u0159\u00ed\u010dku v\u00a0n\u00e1ro\u010dn\u00e9 chemick\u00e9 sout\u011b\u017ei.<\/p>\n<ul>\n<li><strong>Zem\u011bpisn\u00e1 olympi\u00e1da \u2013 okresn\u00ed kolo<\/strong><\/li>\n<\/ul>\n<p>Leto\u0161n\u00ed, tedy 26. ro\u010dn\u00edk zem\u011bpisn\u00e9 olympi\u00e1dy prob\u011bhl 27. \u00fanora 2024 na Z\u0160 Pod Skalkou v\u00a0Ro\u017enov\u011b pod Radho\u0161t\u011bm, kde se konalo okresn\u00ed kolo t\u00e9to sout\u011b\u017ee. Celkem se okresn\u00edho kola z\u00fa\u010dastnilo 56 \u017e\u00e1k\u016f. Na\u0161i \u0161kolu po v\u00edt\u011bzstv\u00ed ve \u0161koln\u00edm kole zastupovala ryze p\u00e1nsk\u00e1 sestava. V\u00a0kategorii <strong>A Ond\u0159ej Ba\u010da<\/strong> ze t\u0159\u00eddy 6. B, v\u00a0kategorii <strong>B Samuel \u017ditn\u00edk<\/strong> ze t\u0159\u00eddy 7. A a v\u00a0kategorii <strong>C Bo\u0159ek Vacul\u00edk<\/strong> ze t\u0159\u00eddy 8. C. Ka\u017ed\u00e1 kategorie m\u011bla 3 \u010d\u00e1sti \u2013 pr\u00e1ci s\u00a0atlasem, pr\u00e1ci bez atlasu (v\u011bdomostn\u00ed) a praktickou \u010d\u00e1st. V\u0161ichni \u017e\u00e1ci podali skv\u011bl\u00e9 v\u00fdkony, ale sv\u00e9 znalosti ze zem\u011bpisu p\u0159edvedl mezi velkou konkurenc\u00ed ostatn\u00edch \u0161kol Vset\u00ednsk\u00e9ho okresu nejl\u00e9pe ze v\u0161ech Bo\u0159ek Vacul\u00edk, kter\u00fd obsadil 8. m\u00edsto ve sv\u00e9 kategorii. Kr\u00e1sn\u00e9 um\u00edst\u011bn\u00ed pak ve sv\u00fdch kategori\u00edch vybojovali i Samuel \u017ditn\u00edk (10. m\u00edsto) a Ond\u0159ej Ba\u010da (12. m\u00edsto).<\/p>\n<ul>\n<li><strong>Okresn\u00ed kolo konverza\u010dn\u00ed sout\u011b\u017ee v n\u011bmeck\u00e9m jazyce<\/strong><\/li>\n<\/ul>\n<p>Ve st\u0159edu 28. \u00fanora se konalo okresn\u00ed kolo konverza\u010dn\u00ed sout\u011b\u017ee v n\u011bmeck\u00e9m jazyce na nedalek\u00e9m GFPVM. I kdy\u017e na\u0161e sout\u011b\u017e\u00edc\u00ed Adina Dr\u00e1pelov\u00e1 (8.A) a Hana Hromadov\u00e1 (9.B) do krajsk\u00e9ho kola nepostoupily, mezi ostatn\u00edmi se neztratily a p\u0159edvedly opravdu kr\u00e1sn\u00e9 v\u00fdkony.<\/p>\n<ul>\n<li><strong>\u0160koln\u00ed kolo konverza\u010dn\u00ed sout\u011b\u017ee v n\u011bmeck\u00e9m jazyce<\/strong><\/li>\n<\/ul>\n<p>Konverza\u010dn\u00ed sout\u011b\u017e v n\u011bmeck\u00e9m jazyce se na na\u0161\u00ed \u0161kole kon\u00e1 pravideln\u011b. V leto\u0161n\u00edm \u0161koln\u00edm roce se na 3. m\u00edst\u011b um\u00edstil Maty\u00e1\u0161 Kubi\u0161 ze t\u0159\u00eddy 9. B, na 2. m\u00edst\u011b Hanka Hromadov\u00e1 rovn\u011b\u017e z 9. B a v\u00edt\u011bzkou se stala Adina Dr\u00e1pelov\u00e1 z 8. A.<\/p>\n<ul>\n<li><strong>Okrskov\u00e9 kolo v recitaci<\/strong><\/li>\n<\/ul>\n<p>Kr\u00e1sn\u00e9ho \u00fasp\u011bchu dos\u00e1hli na\u0161i \u017e\u00e1ci v\u00a0okrskov\u00e9m kole recita\u010dn\u00ed sout\u011b\u017ee, kter\u00e1 se konala v\u00a0pond\u011bl\u00ed 12. 2. \u00a02024 v\u00a0KZ m\u011bsta Vala\u0161sk\u00e9 Mezi\u0159\u00ed\u010d\u00ed. Ve t\u0159et\u00ed kategorii zv\u00edt\u011bzila Kate\u0159ina Filgasov\u00e1 (7.B), t\u0159et\u00ed m\u00edsto v\u00a0t\u00e9\u017ee kategorii vybojovala Elen Trusinov\u00e1 (7.A).V kategorii \u010dtvrt\u00e9 si prvn\u00ed m\u00edsto odnesl Ond\u0159ej Groh (9.B) a t\u0159et\u00edho m\u00edsta dos\u00e1hl Josef Vyb\u00edral (8.C).<\/p>\n<ul>\n<li><strong>\u00dasp\u011bch Vyhl\u00eddky ve Zlat\u00e9 olovnici<\/strong><\/li>\n<\/ul>\n<p>V\u00a0\u00fater\u00fd 30. 1. 2024 se na SP\u0160S ve Vala\u0161sk\u00e9m Mezi\u0159\u00ed\u010d\u00ed uskute\u010dnila sout\u011b\u017e\u00a0O zlatou olovnici pro \u017e\u00e1ky 2. stupn\u011b Z\u0160. Chlapci a d\u00edvky sout\u011b\u017eili zvl\u00e1\u0161\u0165 a z\u00a0na\u0161\u00ed \u0161koly tuto v\u00fdzvu p\u0159ijali Karol\u00edna Luk\u00e1\u0161ov\u00e1 a Martin \u0160t\u011bp\u00e1nek \u2013 oba z\u00a08. ro\u010dn\u00edku a tak\u00e9 dev\u00e1\u0165\u00e1k Maxim \u017ditn\u00edk. Nejl\u00e9pe se da\u0159ilo Martinu \u0160t\u011bp\u00e1nkovi, kter\u00fd v\u00a0t\u00e9to \u0159emesln\u00e9 sout\u011b\u017ei z\u00edskal kr\u00e1sn\u00e9 2. m\u00edsto. Karol\u00edna obsadila 4. m\u00edsto a Max 7. m\u00edsto ve sv\u00e9 kategorii.<\/p>\n<ul>\n<li><strong>\u0160koln\u00ed kolo biologick\u00e9 olympi\u00e1dy<\/strong><\/li>\n<\/ul>\n<p>I v leto\u0161n\u00edm \u0161koln\u00edm roce se \u017e\u00e1ci na\u0161\u00ed \u0161koly mohli z\u00fa\u010dastnit biologick\u00e9 olympi\u00e1dy na t\u00e9ma \u201eJak se \u017eije v lu\u010dn\u00edm lese\u201c, kter\u00e9 prob\u011bhlo 18. ledna. V kategorii C dos\u00e1hl nejlep\u0161\u00edho v\u00fdsledku Martin Kundr\u00e1t, na druh\u00e9m m\u00edst\u011b se um\u00edstila Berenika \u0160krabolov\u00e1 a t\u0159et\u00ed p\u0159\u00ed\u010dku obsadil Radovan N\u011bmec, v\u0161ichni \u017e\u00e1ci 8.B. V kategorii D dos\u00e1hl kr\u00e1sn\u00e9ho v\u00fdsledku Ond\u0159ej Ba\u010da, druh\u00e9 m\u00edsto pak obsadil Karel Ji\u0159\u00ed\u010dek a t\u0159et\u00ed p\u0159\u00ed\u010dku Karel Mal\u00edk, v\u0161ichni \u017e\u00e1ci 6.B.<\/p>\n<ul>\n<li><strong>Z\u0160 Vyhl\u00eddka a Poklad str\u00fdca Jur\u00e1\u0161a<\/strong><\/li>\n<\/ul>\n<p>Na lednov\u00e9m vyhl\u00e1\u0161en\u00ed nejlep\u0161\u00edch autor\u016f liter\u00e1rn\u00ed sout\u011b\u017ee O poklad str\u00fdca Jur\u00e1\u0161a za rok 2023 dos\u00e1hla skv\u011bl\u00e9ho v\u00fdsledku \u017e\u00e1kyn\u011b 6. ro\u010dn\u00edku Bianka \u0160krabolov\u00e1, kter\u00e1 obsadila 1. m\u00edsto ve sv\u00e9\u00a0kategorii autor\u016f pr\u00f3zy. Nejaktu\u00e1ln\u011bj\u0161\u00ed my\u0161lenkou pro dne\u0161n\u00ed dobu byl p\u0159edev\u0161\u00edm z\u00e1v\u011br\u00a0Bian\u010diny pr\u00e1ce, v\u011bta \u2013 <em>\u201eZaho\u010f mobil a za\u010dni \u010d\u00edst !!!\u201c<\/em>.<\/p>\n<ul>\n<li><strong>Okresn\u00ed kolo d\u011bjepisn\u00e9 olympi\u00e1dy<\/strong><\/li>\n<\/ul>\n<p>V \u00fater\u00fd 16. ledna se t\u0159i \u017e\u00e1ci na\u0161\u00ed \u0161koly vydali do Vset\u00edna. Tam se v p\u0159\u00edjemn\u00e9m prost\u0159ed\u00ed vset\u00ednsk\u00e9ho z\u00e1mku z\u00fa\u010dastnili okresn\u00edho kola d\u011bjepisn\u00e9 olympi\u00e1dy. Nejl\u00e9pe se um\u00edstila Veronika B\u00edlkov\u00e1 (9.B), kter\u00e1 skon\u010dila na 12. m\u00edst\u011b. T\u00e9m\u011b\u0159 stejn\u00fd po\u010det bod\u016f z\u00edskal i Vladislav Pal\u00e1t (8.A), kter\u00fd se um\u00edstil na 15. m\u00edst\u011b. Maty\u00e1\u0161 Pal\u00e1t (8.A) z\u00edskal jen o p\u00e1r bod\u016f m\u00e9n\u011b a obsadil 33. m\u00edsto.<\/p>\n<ul>\n<li><strong>\u0160koln\u00ed kolo biologick\u00e9 olympi\u00e1dy<\/strong><\/li>\n<\/ul>\n<p>I v leto\u0161n\u00edm \u0161koln\u00edm roce se na\u0161i \u017e\u00e1ci z\u00fa\u010dastnili biologick\u00e9 olympi\u00e1dy. \u0160koln\u00edho kola, kter\u00e9 prob\u011bhlo 18. 1., se v kategori\u00edch C a D z\u00fa\u010dastnilo celkem 12 \u017e\u00e1k\u016f. Skv\u011bl\u00e9ho v\u00fdsledku v kategorii C dos\u00e1hl Martin Kundr\u00e1t. Na druh\u00e9m m\u00edst\u011b se um\u00edstila Berenika \u0160krobalov\u00e1 a t\u0159et\u00ed m\u00edsto obsadil Radovan N\u011bmec. V kategorii D dos\u00e1hl kr\u00e1sn\u00e9ho v\u00fdsledku Ondra Ba\u010da. Druh\u00e9 m\u00edsto obsadil K\u00e1ja Ji\u0159\u00ed\u010dek, t\u0159et\u00ed p\u0159\u00ed\u010dku pak K\u00e1ja Mal\u00edk.<\/p>\n<ul>\n<li><strong>Liter\u00e1rn\u00ed sout\u011b\u017e Sp\u011bchej pomalu<\/strong><\/li>\n<\/ul>\n<p>Kr\u00e1sn\u00e9ho v\u00fdsledku dos\u00e1hl Martin Kundr\u00e1t (8.B). V liter\u00e1rn\u00ed sout\u011b\u017ei Sp\u011bchej pomalu po\u0159\u00e1danou SO\u0160 Luha\u010dovice z\u00edskal \u010destn\u00e9 uzn\u00e1n\u00ed v kategorii 8. t\u0159\u00edd. Ocen\u011bn\u00ed Martinovi p\u0159edal s\u00e1m p\u0159edseda sout\u011b\u017ee \u2013 b\u00e1sn\u00edk Ji\u0159\u00ed \u017d\u00e1\u010dek, o to cenn\u011bj\u0161\u00ed je tento \u00fasp\u011bch. Je to ji\u017e po\u010dtvrt\u00e9 v \u0159ad\u011b, kdy \u201enad\u011bjn\u00ed auto\u0159i\u201c na\u0161\u00ed \u0161koly v t\u00e9to sout\u011b\u017ei usp\u011bli.<\/p>\n<ul>\n<li><strong>Z\u0160 Vyhl\u00eddka v krajsk\u00e9m kole florbalu<\/strong><\/li>\n<\/ul>\n<p>Ve sportovn\u00ed hale v Uhersk\u00e9m Brod\u011b se 28. listopadu uskute\u010dnilo krajsk\u00e9 kolo ve florbalu mlad\u0161\u00edch d\u00edvek a chlapc\u016f. S obrovskou bojovnost\u00ed se na\u0161e d\u011bv\u010data pustila do v\u0161ech souboj\u016f. Pouze jedin\u00fd inkasovan\u00fd g\u00f3l v na\u0161\u00ed br\u00e1n\u011b rozhodl o velmi t\u011bsn\u00e9 proh\u0159e a v\u00edt\u011bzstv\u00ed dom\u00e1c\u00edho t\u00fdmu. Na\u0161e hr\u00e1\u010dky se tak um\u00edstily na kr\u00e1sn\u00e9m 2. m\u00edst\u011b.<\/p>\n<ul>\n<li><strong>Okresn\u00ed kolo ve florbalu<\/strong> <strong>mlad\u0161\u00edch d\u00edvek<\/strong><\/li>\n<\/ul>\n<p>21. listopadu 2023 se na Z\u0160 \u0160afa\u0159\u00edkova uskute\u010dnilo okresn\u00ed kolo ve florbalu mlad\u0161\u00edch d\u00edvek. Turnaje se z\u00fa\u010dastnily 4 postupuj\u00edc\u00ed dru\u017estva z okrskov\u00fdch kol. Na\u0161e d\u011bv\u010data v\u0161echna utk\u00e1n\u00ed s velkou p\u0159evahou vyhr\u00e1la a zajistila si tak v\u00edt\u011bzstv\u00ed i postup do krajsk\u00e9ho kola v Uhersk\u00e9m Brod\u011b.<\/p>\n<ul>\n<li><strong>\u017d\u00e1ci Z\u0160 Vyhl\u00eddka zaz\u00e1\u0159ili turnaji v halov\u00e9 kopan\u00e9<\/strong><\/li>\n<\/ul>\n<p>V\u00fdkony \u0161koln\u00edho fotbalov\u00e9ho t\u00fdmu v halov\u00e9 kopan\u00e9 nez\u016fstaly nepov\u0161imnuty, kdy\u017e se \u017e\u00e1ci 8. a 9. t\u0159\u00edd Z\u00e1kladn\u00ed \u0161koly Vyhl\u00eddka \u00fasp\u011b\u0161n\u011b probojovali a\u017e do okresn\u00edho kola turnaje. V okrskov\u00e9m kole, kter\u00e9 prob\u011bhlo 25. \u0159\u00edjna 2023, p\u0159edvedli na\u0161i mlad\u00ed sportovci skv\u011bl\u00e9 v\u00fdkony a suver\u00e9nn\u011b vyhr\u00e1li, \u010d\u00edm\u017e si zajistili postup do n\u00e1sleduj\u00edc\u00ed f\u00e1ze sout\u011b\u017ee. S bohat\u00fdm nad\u0161en\u00edm a odhodl\u00e1n\u00edm uk\u00e1zali, \u017ee se na Z\u0160 Vyhl\u00eddka rod\u00ed budouc\u00ed fotbalov\u00e9 hv\u011bzdy. O n\u011bco pozd\u011bji, dne 10. listopadu 2023, se na\u0161i odv\u00e1\u017en\u00ed fotbalist\u00e9 op\u011bt postavili do boje, tentokr\u00e1t v okresn\u00edm kole. I p\u0159es tvrdou konkurenci dok\u00e1zali dr\u017eet krok a obsadili v\u00fdborn\u00e9 druh\u00e9 m\u00edsto. Jejich v\u00fdkon byl pozoruhodn\u00fd nejen d\u00edky taktick\u00e9mu p\u0159\u00edstupu, ale tak\u00e9 d\u00edky kolektivn\u00edmu duchu a obrovsk\u00e9mu nasazen\u00ed.<\/p>\n<p class=\"has-gray-color has-text-color has-large-font-size\"><strong>\u0160koln\u00ed rok 2021\/2022<\/strong><\/p>\n<ul>\n<li><strong>Sout\u011b\u017e \u201eNakresli rally\u201c<\/strong><\/li>\n<\/ul>\n<p>I v leto\u0161n\u00edm roce byla op\u011bt vyhl\u00e1\u0161ena v\u00fdtvarn\u00e1 sout\u011b\u017e. Na\u0161i \u017e\u00e1ci se \u00fa\u010dastn\u00ed ji\u017e tradi\u010dn\u011b a op\u011bt zabodovali. 1. m\u00edsto obsadila Kate\u0159ina \u017didl\u00edkov\u00e1 a 2. m\u00edsto obsadil jej\u00ed spolu\u017e\u00e1k Adam B\u00edl\u00edk. Kolektivn\u00ed pr\u00e1ce d\u011bt\u00ed 1. a 4. odd\u011blen\u00ed vynesla kr\u00e1sn\u00e9 2. m\u00edsto v kategorii. A v kategorii 1. ro\u010dn\u00edk\u016f si odnesla ocen\u011bn\u00ed za 3. m\u00edsto Anna \u0160tajnerov\u00e1.<\/p>\n<ul>\n<li><strong>Mlad\u00fd chemik<\/strong><\/li>\n<\/ul>\n<p>V prostor\u00e1ch Fakulty chemicko-technologick\u00e9 Univerzity v Pardubic\u00edch se 16.6. konalo celost\u00e1tn\u00ed kolo Mlad\u00e9ho chemika. Sout\u011b\u017ee se \u00fa\u010dastnilo t\u00e9m\u011b\u0159 18 tis\u00edc \u017e\u00e1k\u016f z\u00e1kladn\u00edch \u0161kol. Michael se probojoval mezi 40. nejlep\u0161\u00edch finalist\u016f v \u010cR. Obsadil kr\u00e1sn\u00e9 17. m\u00edsto v republikov\u00e9m fin\u00e1le.<\/p>\n<ul>\n<li><strong>Okrskov\u00e9 kolo ve vyb\u00edjen\u00e9<\/strong><\/li>\n<\/ul>\n<p>V \u00fater\u00fd 17. kv\u011btna prob\u011bhlo na Z\u0160 \u0160afa\u0159\u00edkova okrskov\u00e9 kolo ve vyb\u00edjen\u00e9. Na\u0161i \u017e\u00e1ci p\u00e1t\u00fdch ro\u010dn\u00edk\u016f m\u011bli tu \u010dest, utkat se se t\u0159emi dal\u0161\u00edmi t\u00fdmy okoln\u00edch z\u00e1kladn\u00edch \u0161kol. Nakonec se na\u0161im sportovc\u016fm poda\u0159ilo vybojovat 1. m\u00edsto.<\/p>\n<ul>\n<li><strong>Fotbalov\u00fd turnaj McDonald\u2019s Cup<\/strong><\/li>\n<\/ul>\n<p>V \u00fater\u00fd 19. dubna se konalo okrskov\u00e9 kolo McDonald\u2019s Cup \u2013 kategorie A pro \u017e\u00e1ky 1. \u2013 3. t\u0159\u00edd. N\u00e1\u0161 t\u00fdm ve slo\u017een\u00ed \u2013 Anton\u00edn Zimek, Maty\u00e1\u0161 Capil (3.B), Adam Kr\u00e1l, Petr Va\u0161ul\u00edn, Samuel Adam (3.A), Mirek Zaj\u00ed\u010dek, Ale\u0161 Nau\u0161 (2.B), Luk\u00e1\u0161 Jurajda, Filip Stan\u011bk, Nikolas Blas Jirka (2.A), Eduard Mal\u00edk, \u0160imon Kur\u00e1\u0148 (1.A) obsadil kr\u00e1sn\u00e9 3. m\u00edsto.<\/p>\n<p>V p\u00e1tek 22. dubna se \u017e\u00e1ci 4. a 5. ro\u010dn\u00edku na\u0161\u00ed \u0161koly z\u00fa\u010dastnili okrskov\u00e9ho kola v tomto turnaji. V z\u00e1v\u011bre\u010dn\u00e9m z\u00e1pase porazili na\u0161i hr\u00e1\u010di Z\u0160 K\u0159izn\u00e1, a t\u00edmto si vybojovali prvn\u00ed m\u00edsto a postup do okresn\u00edho kola. Okresn\u00ed kolo prob\u011bhlo 28. dubna a n\u00e1\u0161 t\u00fdm zde obsadil 6. m\u00edsto. Na\u0161i \u0161kolu reprezentovali: David Hru\u0161ka, Michal Ne\u0165uka (4.A), Lubom\u00edr Bal\u00e1\u017e, Karel Ji\u0159\u00ed\u010dek, Dominik Stonavsk\u00fd, Dominik Adam (4.B), Libor Jan\u00edk, Tobi\u00e1\u0161 Jurajda, Anton\u00edn Sikora, Luk\u00e1\u0161 Tobola (5.A), Maty\u00e1\u0161 Vesel\u00fd, Maty\u00e1\u0161 T\u0159etina (5.B).<\/p>\n<ul>\n<li><strong>Okresn\u00ed kolo biologick\u00e9 olympi\u00e1dy<\/strong><\/li>\n<\/ul>\n<p>V pond\u011bl\u00ed 11. dubna prob\u011bhlo na zdej\u0161\u00edm gymn\u00e1ziu okresn\u00ed kolo biologick\u00e9 olympi\u00e1dy. 3 d\u011bv\u010data reprezentovala na\u0161i \u0161kolu v kategorii C (8. a 9. ro\u010dn\u00edky). Z celkov\u00e9ho po\u010dtu 25 sout\u011b\u017e\u00edc\u00edch obsadila kr\u00e1sn\u00e9 3. m\u00edsto Magdal\u00e9na Hala\u0161tov\u00e1 a postupuje tak do krajsk\u00e9ho kola.<\/p>\n<ul>\n<li><strong>Sout\u011b\u017e PO o\u010dima d\u011bt\u00ed a ml\u00e1de\u017ee<\/strong><\/li>\n<\/ul>\n<p>I letos se na\u0161e \u0161kola zapojila do sout\u011b\u017ee Po\u017e\u00e1rn\u00ed ochrana o\u010dima d\u011bt\u00ed a ml\u00e1de\u017ee, tentokr\u00e1t v kategorii liter\u00e1rn\u00edch a v\u00fdtvarn\u00fdch prac\u00ed. V r\u00e1mci okresn\u00edho kola jsme z\u00edskali kr\u00e1sn\u00e1 um\u00edst\u011bn\u00ed. Liter\u00e1rn\u00ed pr\u00e1ce: 2. m\u00edsto Bal\u00e1\u017e Lubom\u00edr a 3. msto Ors\u00e1gov\u00e1 Nat\u00e1lie. V\u00fdtvarn\u00e9 pr\u00e1ce: 1. m\u00edsto Jurajda Tobi\u00e1\u0161, 2. m\u00edsto Cimala Adam, 3. m\u00edsto Kl\u00edmov\u00e1 Karol\u00edna a 2. m\u00edsto Kadl\u00edkov\u00e1 Veronika.<\/p>\n<ul>\n<li><strong>Kr\u00e1sensk\u00fd zvone\u010dek<\/strong><\/li>\n<\/ul>\n<p>Ve dnech 7. a 8. dubna se v m\u00edstn\u00edm M-klubu konala recita\u010dn\u00ed sout\u011b\u017e Kr\u00e1sensk\u00fd zvone\u010dek. Z reprezentant\u016f na\u0161\u00ed \u0161koly v 1. kategorii zaz\u00e1\u0159ila Krist\u00fdna Kopeck\u00e1 (3.B), kter\u00e1 z\u00edskala zaslou\u017een\u011b prvenstv\u00ed. Kr\u00e1sn\u00e9 4. m\u00edsto pak obsadila Sabrina Hnikov\u00e1. V kategorii druh\u00e9 vybojovala skv\u011bl\u00e9 druh\u00e9 m\u00edsto Elen Trusinov\u00e1 (5.B). V sout\u011b\u017ei t\u00fdm\u016f se na\u0161e \u0161kola ve 2. i 3. kategorii um\u00edstila na 1. p\u0159\u00ed\u010dce z\u00e1sluhou t\u011bchto \u017e\u00e1k\u016f: Elen Trusinov\u00e1 (5.B), Berenika \u0160krabolov\u00e1 a Pavl\u00edna Michnov\u00e1 (6.B), Ond\u0159ej Groh (7.B), Lucie Piskl\u00e1kov\u00e1 (8.B) a Nat\u00e1lie Trusinov\u00e1 (8.A).<\/p>\n<ul>\n<li><strong>Krajsk\u00e9 kolo chemick\u00e9 olympi\u00e1dy<\/strong><\/li>\n<\/ul>\n<p>Po \u00fasp\u011b\u0161n\u00e9m zvl\u00e1dnut\u00ed \u0161koln\u00edho a okresn\u00edho kola se \u017e\u00e1k Michael Sou\u0161ek (9.A) probojoval a\u017e do kola krajsk\u00e9ho, kter\u00e9 se konalo na GFPVM. Michael se v\u0161ech \u00faloh z\u00fa\u010dastnil se ct\u00ed, usp\u011bl v t\u011bsn\u00e9 konkurenci dal\u0161\u00edch z\u00fa\u010dastn\u011bn\u00fdch \u017e\u00e1k\u016f gymn\u00e1zi\u00ed a z\u00e1kladn\u00edch \u0161kol z kraje a obsadil kr\u00e1sn\u00e9 6. m\u00edsto.<\/p>\n<ul>\n<li><strong>Okresn\u00ed kolo d\u011bjepisn\u00e9 olympi\u00e1dy<\/strong><\/li>\n<\/ul>\n<p>Ve \u010dtvrtek 24.3. se konalo okresn\u00ed kolo d\u011bjepisn\u00e9 olympi\u00e1dy, ve kter\u00e9m n\u00e1s reprezentovala Krist\u00fdna Hynkov\u00e1 (9.A). Konkurence byla velmi siln\u00e1, p\u0159esto se Krist\u00fdna um\u00edstila na kr\u00e1sn\u00e9m 7. m\u00edst\u011b a postupuje do krajsk\u00e9ho kola.<\/p>\n<ul>\n<li><strong>Matematick\u00fd klokan<\/strong><\/li>\n<\/ul>\n<p>V p\u00e1tek 18. b\u0159ezna se konala mezin\u00e1rodn\u011b koordinovan\u00e1 sout\u011b\u017e Matematick\u00fd klokan. Na na\u0161\u00ed \u0161kole se sout\u011b\u017ee z\u00fa\u010dastnilo celkem 199 \u017e\u00e1k\u016f. V kategorii Cvr\u010dek (2. a 3. t\u0159\u00edda) dos\u00e1hli nejlep\u0161\u00edch v\u00fdsledk\u016f \u017e\u00e1ci: Gabriela Simersk\u00e1 (3.B), Ond\u0159ej Pot\u011b\u0161il (3.A) a Karol\u00edna Par\u0161ov\u00e1 (3.B). V kategorii Klok\u00e1nek (4. a 5. t\u0159\u00edda) byli nej\u00fasp\u011b\u0161n\u011bj\u0161\u00ed: Kate\u0159ina \u017didl\u00edkov\u00e1 (5.B), Denis Kube\u0161a (5.B) a Filip T\u00e1borsk\u00fd (4.A). Na druh\u00e9m stupni nejl\u00e9pe dopadli \u017e\u00e1ci Adam Cimala (7.B) a Ema Such\u00e1 (7.A) v kategorii Benjam\u00edn (6. a 7. t\u0159\u00edda) a Jon\u00e1\u0161 Hala\u0161ta (8.B) a Michael Sou\u0161ek (9.A) v kategorii Kadet (8. a 9. t\u0159\u00edda).<\/p>\n<ul>\n<li><strong>Mlad\u00fd chemik Zl\u00ednsk\u00e9ho kraje<\/strong><\/li>\n<\/ul>\n<p>V t\u00e9to t\u0159\u00edkolov\u00e9 sout\u011b\u017ei jej\u00ed\u017e dv\u011b kola se uskute\u010dnily v \u0159\u00edjnu 2021 se do 3. kola probojoval Michael Sou\u0161ek (9.A). Tato posledn\u00ed praktick\u00e1 \u010d\u00e1st prob\u00edhala v laborato\u0159\u00edch hostitelsk\u00e9 \u0161koly IS\u0160-COP v na\u0161em m\u011bst\u011b. O tom, \u017ee se Michael p\u0159ipravoval velmi zodpov\u011bdn\u011b, sv\u011bd\u010d\u00ed jeho absolutn\u00ed v\u00edt\u011bzstv\u00ed. D\u00edky sv\u00e9mu v\u00fdkonu bude d\u00e1l reprezentovat na\u0161i \u0161kolu v celost\u00e1tn\u00edm fin\u00e1le v Pardubic\u00edch.<\/p>\n<ul>\n<li><strong>Konverza\u010dn\u00ed sout\u011b\u017e v n\u011bmeck\u00e9m jazyce<\/strong><\/li>\n<\/ul>\n<p>Dne 23. \u00fanora se konalo \u0161koln\u00ed kolo konverza\u010dn\u00ed sout\u011b\u017ee v n\u011bmeck\u00e9m jazyce. Na druh\u00e9m m\u00edst\u011b se shodn\u011b um\u00edstili Michal \u017d\u00e1kovsk\u00fd (8.B) a Karol\u00edna Z\u00e1topkov\u00e1 (8.A). Prvn\u00ed m\u00edsto obsadil Michal Jan\u00edrek (9.B) a postoupil do okresn\u00edho kola.<\/p>\n<ul>\n<li><strong>Okresn\u00ed kolo chemick\u00e9 olympi\u00e1dy<\/strong><\/li>\n<\/ul>\n<p>V pond\u011bl\u00ed 7.3.2022 se hostitelsk\u00e9 \u0161kole (GFPVM) uskute\u010dnilo okresn\u00ed kolo chemick\u00e9 olympi\u00e1dy. 5 \u017e\u00e1k\u016f se \u00fasp\u011b\u0161n\u011b probojovalo kolem \u0161koln\u00edm, aby mohli reprezentovat na\u0161i \u0161kolu v kategorii D (8.-9. ro\u010dn\u00edky). Nejlep\u0161\u00edch v\u00fdsledk\u016f dos\u00e1hl Michael Sou\u0161ek, kter\u00fd v siln\u00e9 konkurenci kon\u010dil na kr\u00e1sn\u00e9m 3. m\u00edst\u011b a bude reprezentovat na\u0161i \u0161kolu v kole krajsk\u00e9m.<\/p>\n<ul>\n<li><strong>Chemick\u00e1 olympi\u00e1da<\/strong><\/li>\n<\/ul>\n<p>\u017d\u00e1ci dev\u00e1t\u00fdch t\u0159\u00edd si mohli v r\u00e1mci chemie roz\u0161\u00ed\u0159it sv\u00e9 v\u011bdomosti a znalosti v teoretick\u00e9 i praktick\u00e9 \u010d\u00e1sti \u0161koln\u00edho kola chemick\u00e9 olympi\u00e1dy. Teoretick\u00e9 \u010d\u00e1sti se z\u00fa\u010dastnilo celkem 6 \u017e\u00e1k\u016f na\u0161\u00ed \u0161koly. Ve dnech 14.-15.2.2022 nav\u00e1zali praktick\u00fdmi \u00falohami a testem \u0161koln\u00edho kola. Na prvn\u00edm m\u00edst\u011b se um\u00edstil Michael Sou\u0161ek (9.A), druh\u00e9 m\u00edsto obsadil Dominik Hy\u017e\u00e1k (9.A), t\u0159et\u00ed p\u0159\u00ed\u010dku vybojovala So\u0148a Jasn\u00e1 (9.C), na \u010dtvrt\u00e9 pozici se um\u00edstila Karin Klosov\u00e1 (9.C) a p\u00e1t\u00e9 m\u00edsto vybojovala Daniela Hr\u0148ov\u00e1. V\u0161ichni tito \u017e\u00e1ci byli p\u0159edb\u011b\u017en\u011b vybr\u00e1ni do okresn\u00edho kola chemick\u00e9 olympi\u00e1dy.<\/p>\n<ul>\n<li><strong>\u0160koln\u00ed kolo recita\u010dn\u00ed sout\u011b\u017ee<\/strong><\/li>\n<\/ul>\n<p>V pond\u011bl\u00ed 21.2.2022 na na\u0161\u00ed \u0161kole prob\u011bhlo \u0161koln\u00ed kolo recita\u010dn\u00ed sout\u011b\u017ee \u017e\u00e1k\u016f 2. stupn\u011b. Ve t\u0159et\u00ed kategorii (6.-7. ro\u010dn\u00edk) se o 3. m\u00edsto rozd\u011blili Josef Vyb\u00edral (6.C) a Pavl\u00edna Michnov\u00e1 (6.B), 2. m\u00edsto obsadila Berenika \u0160krabolov\u00e1 (6.B) a zv\u00edt\u011bzil Ond\u0159ej Groh (7.B). Ve \u010dtvrt\u00e9 kategorii (8.-9. ro\u010dn\u00edk) se na 3. m\u00edst\u011b um\u00edstila Noemi Perdochov\u00e1 (9.B), 2. m\u00edsto pat\u0159\u00ed Ag\u00e1t\u011b Vesel\u00e9 (8.A) a prvenstv\u00ed si odnesla Lucie Piskl\u00e1kov\u00e1 (8.B).<\/p>\n<ul>\n<li><strong>Olympi\u00e1da z anglick\u00e9ho jazyka<\/strong><\/li>\n<\/ul>\n<p>Ve st\u0159edu dne 23. 2. 2022 prob\u011bhlo na na\u0161\u00ed \u0161kole \u0161koln\u00ed kolo olympi\u00e1dy z anglick\u00e9ho jazyka. \u017d\u00e1ci sout\u011b\u017eili ve dvou kategori\u00edch: v prvn\u00ed kategorii (6.-7. ro\u010dn\u00edk) se z\u00fa\u010dastnilo 10 \u017e\u00e1k\u016f, v kategorii druh\u00e9 (8.-9. ro\u010dn\u00edk) 14 \u017e\u00e1k\u016f. V prvn\u00ed kategorii obsadila prvn\u00ed m\u00edsto Karol\u00edna Luk\u00e1\u0161ov\u00e1 (6.C), na druh\u00e9m m\u00edst\u011b se um\u00edstila Nela Hn\u00e1tkov\u00e1 (6.C), t\u0159et\u00ed p\u0159\u00ed\u010dku zaujal Jakub \u0160t\u00e1bl (6.C) a na \u010dtvrt\u00e9 pozici se um\u00edstil Petr Pol\u00e1\u0161ek (7.B). Ve druh\u00e9 kategorii obsadila prvn\u00ed m\u00edsto So\u0148a Jasn\u00e1 (9.C), na druh\u00e9 pozici se um\u00edstila Am\u00e1lie Sta\u0148kov\u00e1 (9.A), t\u0159et\u00ed pozici obsadila Martina Ad\u00e1mkov\u00e1 (9.B) a na \u010dtvrt\u00e9 pozici se um\u00edstila Al\u017eb\u011bta Baslov\u00e1 (9.A). V\u00edt\u011bzky obou kategori\u00ed budou na\u0161i \u0161kolu reprezentovat v okresn\u00edm kole.<\/p>\n<ul>\n<li><strong>Okrskov\u00e9 kolo recita\u010dn\u00ed sout\u011b\u017ee<\/strong><\/li>\n<\/ul>\n<p>Dne 24.2.2022 prob\u011bhlo okrskov\u00e9 kolo recita\u010dn\u00ed sout\u011b\u017ee, kter\u00e9ho se z\u00fa\u010dastnilo 10 \u017e\u00e1k\u016f na\u0161\u00ed \u0161koly ve \u010dty\u0159ech kategori\u00edch. V prvn\u00ed kategorii vybojoval 4. m\u00edsto Jan Van\u011bk (3.B). Ve t\u0159et\u00ed kategorii z\u00edskal kr\u00e1sn\u00e9 1. m\u00edsto Ond\u0159ej Groh (7.B) a 2. m\u00edsto Berenika \u0160krabolov\u00e1 (6.B). Ve \u010dtvrt\u00e9 kategorii 2. m\u00edsto obsadila Lucie Piskl\u00e1kov\u00e1 (8.B).<\/p>\n<ul>\n<li><strong>Mlad\u00fd chemik<\/strong><\/li>\n<\/ul>\n<p>Dne 13.10.2021 prob\u011bhlo \u0161koln\u00ed kolo t\u00e9to sout\u011b\u017ee na na\u0161\u00ed \u0161kole. Z\u00fa\u010dastnilo se ho 31 \u017e\u00e1k\u016f 9. ro\u010dn\u00edk\u016f na\u0161\u00ed \u0161koly. Nejlep\u0161\u00edho um\u00edst\u011bn\u00ed dos\u00e1hli: Ad\u00e9la Han\u00e1kov\u00e1, Michael Sou\u0161ek a Michal Jan\u00edrek. Tito \u017e\u00e1ci postoupili do dal\u0161\u00edho kola. Vzhledem k epidemiologick\u00e9 situaci se 2. kolo nakonec konalo formou online testu, kter\u00e9ho se z\u00fa\u010dastnilo 1541 \u017e\u00e1k\u016f z cel\u00e9 \u010cR. V krajsk\u00e9m kole sout\u011b\u017ee dos\u00e1hl nejlep\u0161\u00edho um\u00edst\u011bn\u00ed Michael Sou\u0161ek (9.A), \u010d\u00edm\u017e si zajistil postup do region\u00e1ln\u00edho fin\u00e1le.<\/p>\n<ul>\n<li><strong>\u00dasp\u011bch v liter\u00e1rn\u00ed sout\u011b\u017ei<\/strong><\/li>\n<\/ul>\n<p>Slavnostn\u00ed vyhl\u00e1\u0161en\u00ed oblastn\u00edho kola sout\u011b\u017ee O poklad str\u00fdca Jur\u00e1\u0161a prob\u011bhlo ve st\u0159edu 25. ledna 2022. Na\u0161i \u0161kolu reprezentovali Maty\u00e1\u0161 Kubi\u0161, Veronika B\u00edlkov\u00e1 a Ond\u0159ej Groh, kter\u00fd zaujal porotu svou pov\u00eddkou O \u0161\u0165astn\u00e9 planet\u011b a um\u00edstil se na 3. m\u00edst\u011b. Jeho v\u00edt\u011bzn\u00e1 pr\u00e1ce tak postoupila do okresn\u00edho kola.<\/p>\n<ul>\n<li><strong>Olympi\u00e1da v \u010desk\u00e9m jazyce<\/strong><\/li>\n<\/ul>\n<p>Dne 26. 1. 2022 prob\u011bhlo na na\u0161\u00ed \u0161kole \u0161koln\u00ed kolo olympi\u00e1dy v \u010desk\u00e9m jazyce, kter\u00e9ho se z\u00fa\u010dastnilo 7 \u017e\u00e1k\u016f 8. a 9. ro\u010dn\u00edku. K nej\u00fasp\u011b\u0161n\u011bj\u0161\u00edm \u0159e\u0161itel\u016fm pat\u0159\u00ed Michal Jan\u00edrek (9.B) a So\u0148a Jasn\u00e1 (9.C), kte\u0159\u00ed budou na\u0161i \u0161kolu reprezentovat v kole okresn\u00edm.<\/p>\n<ul>\n<li><strong>Sp\u011bchej pomalu<\/strong><\/li>\n<\/ul>\n<p>Kr\u00e1sn\u00e9ho v\u00fdsledku dos\u00e1hla Ad\u00e9la Navr\u00e1tiloa (8.B) v liter\u00e1rn\u00ed sout\u011b\u017eit Sp\u011bchej pomalu, po\u0159\u00e1danou SO\u0160 Luha\u010dovice. Z\u00edskala zvl\u00e1\u0161tn\u00ed ocen\u011bn\u00ed v kategorii 8. t\u0159\u00edd, kter\u00e9 j\u00ed p\u0159edal s\u00e1m vedouc\u00ed poroty \u2013 b\u00e1sn\u00edk Ji\u0159\u00ed \u017d\u00e1\u010dek. Ad\u00e9la svou pr\u00e1ci nazvala \u00dat\u011bk z jej\u00ed mysli, velmi p\u0159esv\u011bd\u010div\u011b se j\u00ed poda\u0159ilo vyj\u00e1d\u0159it hlavn\u00ed pocity hlavn\u00ed hrdinky, co\u017e je velkou p\u0159ednost\u00ed jej\u00ed pr\u00e1ce.<\/p>\n<ul>\n<li><strong>Zem\u011bpisn\u00e1 olympi\u00e1da<\/strong><\/li>\n<\/ul>\n<p>V pond\u011bl\u00ed 13. prosince 2021 se na na\u0161\u00ed \u0161kole konalo \u0161koln\u00ed kolo zem\u011bpisn\u00e9 olympi\u00e1dy. V\u0161ichni \u017e\u00e1ci podali skv\u011bl\u00e9 v\u00fdkony, nejl\u00e9pe v\u0161ak sout\u011b\u017e zvl\u00e1dli a do okresn\u00edho kola postoupili: Kategorie A \u2013 Dominika K\u0159i\u017eanov\u00e1 (6.A) a Kategorie C \u2013 Karol\u00edna Zahradn\u00ed\u010dkov\u00e1 (9.B).<\/p>\n<ul>\n<li><strong>Biologick\u00e1 olympi\u00e1da<\/strong><\/li>\n<\/ul>\n<p>12.1.2022 prob\u011bhlo na na\u0161\u00ed \u0161kole \u0161koln\u00ed kolo Biologick\u00e9 olympi\u00e1da na t\u00e9ma \u201eJak p\u0159e\u017e\u00edt zimu\u201c. Celkem se ho z\u00fa\u010dastnilo 5 \u017e\u00e1ky\u0148. Skv\u011bl\u00e9ho v\u00fdsledku v kategorii C dos\u00e1hla Magdal\u00e9na Hala\u0161tov\u00e1 (8.B) a postupuje tak do okresn\u00edho kola. Na druh\u00e9m m\u00edst\u011b se um\u00edstila Ani\u010dka Vl\u010dkov\u00e1 (8.A) a t\u0159et\u00ed m\u00edsto obsadilo Ani\u010dka Da\u0148kov\u00e1 (8.A). V kategorii D dos\u00e1hla kr\u00e1sn\u00e9ho v\u00fdsledku Berenika \u0160krabolov\u00e1, kter\u00e1 takt\u00e9\u017e postupuje do kola okresn\u00edho.<\/p>\n<ul>\n<li><strong>D\u011bjepisn\u00e1 olympi\u00e1da<\/strong><\/li>\n<\/ul>\n<p>Ve st\u0159edu 12. 1. 2022 se konalo \u0161koln\u00ed kolo d\u011bjepisn\u00e9 olympi\u00e1dy. Z\u00fa\u010dastnilo se j\u00ed 21 \u017e\u00e1k\u016f z cel\u00e9ho 2. stupn\u011b. V\u00edt\u011bzkou se stala Krist\u00fdna Hynkov\u00e1 (9.A), na druh\u00e9m m\u00edst\u011b se um\u00edstilo Michal \u017d\u00e1kovsk (8.B) a t\u0159et\u00ed p\u0159\u00ed\u010dku obsadil Michal Jan\u00edrek (9.B).<\/p>\n<ul>\n<li><strong>Pythagori\u00e1da na Z\u0160 Vyhl\u00eddka<\/strong><\/li>\n<\/ul>\n<p>V listopadu prob\u011bhlo na Z\u0160 Vyhl\u00eddka \u0161koln\u00ed kolo matematick\u00e9 sout\u011b\u017ee zvan\u00e9 Pythagori\u00e1da. Mezi \u00fasp\u011b\u0161n\u00e9 \u0159e\u0161itele se probojovali 3 \u017e\u00e1ci: Bo\u0159ek Vacul\u00edk (6.C), Lucie Onderkov\u00e1 (9.C) a Michael Sou\u0161ek (9.A). Okresn\u00edho kola, kter\u00e9 se konalo 7. 12. 2021, se z d\u016fvodu nemoci a karant\u00e9ny z\u00fa\u010dastnil pouze Michael Sou\u0161ek. Michael se um\u00edstil na d\u011blen\u00e9m 5.-9. m\u00edst\u011b.<\/p>\n<ul>\n<li><strong>Logick\u00e1 olympi\u00e1da<\/strong><\/li>\n<\/ul>\n<p>B\u011bhem m\u011bs\u00edce z\u00e1\u0159\u00ed se mohli v\u0161ichni \u017e\u00e1ci \u0161koly registrovat do matematick\u00e9 sout\u011b\u017ee Logick\u00e1 olympi\u00e1da. Z cel\u00e9 \u0161koly se z\u00fa\u010dastnilo 18 \u017e\u00e1k\u016f od 1. do 9. t\u0159\u00eddy. Mezi nejlep\u0161\u00ed \u0159e\u0161itele z\u00e1kladn\u00edho kola pat\u0159\u00ed tito \u017e\u00e1ci: Eduard Mal\u00edk 1.A (20.-26. v kraji), Michaela Pet\u0159valsk\u00e1 2.B (8.-22. v kraji), Karel Mal\u00edk 4.B (95.-97. v kraji), David Hru\u0161ka 4.A (114.-124. v kraji) a Jon\u00e1\u0161 Hala\u0161ta 8.B (43.-46. v kraji).<\/p>\n<ul>\n<li><strong>Z\u0160 Vyhl\u00eddka je v\u00edt\u011bzem okresn\u00edho kola Jazykov\u00e9ho WocaBee \u0161ampion\u00e1tu<\/strong><\/li>\n<\/ul>\n<p>V \u0159\u00edjnu se \u017e\u00e1ci 3.-5. ro\u010dn\u00edk\u016f na\u0161\u00ed \u0161koly zapojili do Jazykov\u00e9ho WocaBee \u0161ampion\u00e1tu. Celkem se do sout\u011b\u017ee zapojilo t\u00e9m\u011b\u0159 60 000 \u017e\u00e1k\u016f. V na\u0161em okrese se nejpiln\u011bj\u0161\u00edmi \u017e\u00e1ky stali pr\u00e1v\u011b \u017e\u00e1ci na\u0161\u00ed \u0161koly ze t\u0159\u00eddy IV.A. Sv\u00e9 prvenstv\u00ed si zaslou\u017eili sb\u00edr\u00e1n\u00edm bod\u016f za procvi\u010dov\u00e1n\u00ed slov\u00ed\u010dek v aplikaci. D\u00edky tomu postupuj\u00ed do krajsk\u00e9ho kola, kter\u00e9 se uskute\u010dn\u00ed v listopadu.<\/p>\n<ul>\n<li><strong>P\u0159\u00edrodov\u011bdn\u00fd klokan<\/strong><\/li>\n<\/ul>\n<p>Ve st\u0159edu 13. 10. 2021 prob\u011bhla na na\u0161\u00ed \u0161kole celost\u00e1tn\u00ed sout\u011b\u017e P\u0159\u00edrodov\u011bdn\u00fd klokan kategorie Kadet po\u0159\u00e1dan\u00e1 P\u0159\u00edrodov\u011bdeckou fakultou Univerzity Palack\u00e9ho v Olomouci. V t\u00e9to kategorii se sout\u011b\u017ee z\u00fa\u010dastnilo celkem 91 \u017e\u00e1k\u016f z 8. a 9. ro\u010dn\u00edk\u016f. T\u0159i nejlep\u0161\u00ed n\u00e1sledn\u011b postupuj\u00ed do okresn\u00edho kola. Prvn\u00ed m\u00edsto obsadila Vendula Pot\u011b\u0161ilov\u00e1 (9.A), druh\u00e9 Kl\u00e1ra B\u0159ezovj\u00e1kov\u00e1 (9.B) a o 3. m\u00edsto se rozd\u011blili Jan Ram\u00edk (9.B) a \u0160t\u011bp\u00e1n Srba (9.A).<\/p>\n<ul>\n<li><strong>\u0160koln\u00ed kolo mlad\u00e9ho chemika<\/strong><\/li>\n<\/ul>\n<p>Ve \u010dtvrtek 7. 10. 2021 se na na\u0161\u00ed \u0161kole konalo \u0161koln\u00ed kolo celorepublikov\u00e9 sout\u011b\u017ee Hled\u00e1me nejlep\u0161\u00edho mlad\u00e9ho chemika \u010cesk\u00e9 republiky. Do sout\u011b\u017ee se zapojilo 30 \u017e\u00e1k\u016f 9. ro\u010dn\u00edk\u016f. Nej\u00fasp\u011b\u0161n\u011bj\u0161\u00edmi \u0159e\u0161iteli vstupn\u00edho \u0161koln\u00edho kola se stali: Ad\u00e9la Han\u00e1kov\u00e1 (9.B) a Michal Sou\u0161ek (9.A) \u2013 oba se stejn\u00fdm po\u010dtem bod\u016f \u2013 a Michal Jan\u00edrek (9.B), kter\u00fd obsadil druh\u00e9 m\u00edsto.<\/p>","protected":false},"excerpt":{"rendered":"<p>D\u00edky systematick\u00e9mu a c\u00edlen\u00e9mu vzd\u011bl\u00e1n\u00ed na\u0161e \u0161kola dosahuje \u00fasp\u011bch\u016f v r\u016fzn\u00fdch p\u0159edm\u011btov\u00fdch sout\u011b\u017e\u00edch, olympi\u00e1d\u00e1ch. \u0160koln\u00ed rok 2023\/2024 \u00a0 Celorepublikov\u00fd \u00fasp\u011bch v hasi\u010dsk\u00e9 sout\u011b\u017ei Ne\u010dekan\u00e9ho \u00fasp\u011bchu dos\u00e1hli \u017e\u00e1ci na\u0161\u00ed \u0161koly v\u00a0sout\u011b\u017ei Po\u017e\u00e1rn\u00ed ochrana o\u010dima d\u011bt\u00ed. V\u00a0okresn\u00edm kole sout\u011b\u017ee se poda\u0159ilo na\u0161im <a href=\"https:\/\/www.zsvyhlidka.cz\/?page_id=33072\" class=\"read-more\">Zobrazit v\u00edce&#8230;<\/a><\/p>\n","protected":false},"author":1,"featured_media":0,"parent":0,"menu_order":0,"comment_status":"closed","ping_status":"closed","template":"","meta":[],"_links":{"self":[{"href":"https:\/\/www.zsvyhlidka.cz\/index.php?rest_route=\/wp\/v2\/pages\/33072"}],"collection":[{"href":"https:\/\/www.zsvyhlidka.cz\/index.php?rest_route=\/wp\/v2\/pages"}],"about":[{"href":"https:\/\/www.zsvyhlidka.cz\/index.php?rest_route=\/wp\/v2\/types\/page"}],"author":[{"embeddable":true,"href":"https:\/\/www.zsvyhlidka.cz\/index.php?rest_route=\/wp\/v2\/users\/1"}],"replies":[{"embeddable":true,"href":"https:\/\/www.zsvyhlidka.cz\/index.php?rest_route=%2Fwp%2Fv2%2Fcomments&post=33072"}],"version-history":[{"count":1,"href":"https:\/\/www.zsvyhlidka.cz\/index.php?rest_route=\/wp\/v2\/pages\/33072\/revisions"}],"predecessor-version":[{"id":33073,"href":"https:\/\/www.zsvyhlidka.cz\/index.php?rest_route=\/wp\/v2\/pages\/33072\/revisions\/33073"}],"wp:attachment":[{"href":"https:\/\/www.zsvyhlidka.cz\/index.php?rest_route=%2Fwp%2Fv2%2Fmedia&parent=33072"}],"curies":[{"name":"wp","href":"https:\/\/api.w.org\/{rel}","templated":true}]}}